{"id":1229,"date":"2017-05-17T16:06:31","date_gmt":"2017-05-17T14:06:31","guid":{"rendered":"http:\/\/www.saxophonist-live.ch\/saxofonist-blog\/?post_type=tribe_events&#038;p=1229"},"modified":"2017-06-14T16:09:34","modified_gmt":"2017-06-14T14:09:34","slug":"maturafeier","status":"publish","type":"tribe_events","link":"https:\/\/www.saxophonist-live.ch\/saxofonist-blog\/event\/maturafeier\/","title":{"rendered":"Private Feier"},"content":{"rendered":"<p>Seit mehr als 70 Jahren steht das Restaurant Buech hoch \u00fcber Herrliberg, beschattet von hohen Buchen inmitten eines alten Weinbergs. Hier verbinden sich harmonische Landschaft, lebensfrohe Menschen und Gaumenfreuden auf einmalige Art und Weise.<\/p>\n<p>Einmalig \u2013 der weite Blick \u00fcber den Z\u00fcrichsee zu den weich gerundeten H\u00fcgeln des Hirzels. Dahinter die grossen Gipfel der Glarner und Innerschweizer Alpen bis hin zum Jungfrau Joch.<\/p>\n<p>Im Restaurant selbst versinkt der Gast in eine Welt der Zeitlosigkeit \u2013 die Buech hat sich den Charme einer echten Landbeiz bewahrt: knarrende Riemenb\u00f6den, ehrw\u00fcrdig gealterte T\u00e4felung und Holztische, die von Generationen auf Hochglanz poliert wurden.<\/p>\n<p>Marc Wyss \u2013 Gastronom aus Leidenschaft \u2013 hat mit der Buech ein ruhendes Kleinod auf dem Land nahe der pulsierenden City geschaffen. Er und sein Team f\u00fchren und verf\u00fchren den Gast in eine Welt, wo die Zeit stehen zu bleiben scheint und bescheren ihm unvergessliche Momente geniesserischen Beisammenseins.<\/p>\n<p>Quelle: <a href=\"http:\/\/restaurantbuech.ch\/#!\/home\/\">restaurantbuech.ch<\/a><\/p>\n","protected":false},"excerpt":{"rendered":"<p>Seit mehr als 70 Jahren steht das Restaurant Buech hoch \u00fcber Herrliberg, beschattet von hohen Buchen inmitten eines alten Weinbergs. Hier verbinden sich harmonische Landschaft, lebensfrohe Menschen und Gaumenfreuden auf einmalige Art und Weise. Einmalig \u2013 der weite Blick \u00fcber den Z\u00fcrichsee zu den weich gerundeten H\u00fcgeln des Hirzels. Dahinter die grossen Gipfel der Glarner &#8230; <a title=\"Private Feier\" class=\"read-more\" href=\"https:\/\/www.saxophonist-live.ch\/saxofonist-blog\/event\/maturafeier\/\" aria-label=\"Mehr Informationen \u00fcber Private Feier\">Weiterlesen&#8230;<\/a><\/p>\n","protected":false},"author":1,"featured_media":0,"template":"","meta":{"generate_page_header":"","_tribe_events_status":"","_tribe_events_status_reason":"","footnotes":""},"tags":[503,1121,1119,1120,38,312],"tribe_events_cat":[36],"class_list":["post-1229","tribe_events","type-tribe_events","status-publish","hentry","tag-herrliberg","tag-jungfrau-joch","tag-restaurant-buech","tag-weinberg","tag-zuerich","tag-zuerichsee","tribe_events_cat-mistersaxr-event","cat_mistersaxr-event"],"_links":{"self":[{"href":"https:\/\/www.saxophonist-live.ch\/saxofonist-blog\/wp-json\/wp\/v2\/tribe_events\/1229","targetHints":{"allow":["GET"]}}],"collection":[{"href":"https:\/\/www.saxophonist-live.ch\/saxofonist-blog\/wp-json\/wp\/v2\/tribe_events"}],"about":[{"href":"https:\/\/www.saxophonist-live.ch\/saxofonist-blog\/wp-json\/wp\/v2\/types\/tribe_events"}],"author":[{"embeddable":true,"href":"https:\/\/www.saxophonist-live.ch\/saxofonist-blog\/wp-json\/wp\/v2\/users\/1"}],"version-history":[{"count":4,"href":"https:\/\/www.saxophonist-live.ch\/saxofonist-blog\/wp-json\/wp\/v2\/tribe_events\/1229\/revisions"}],"predecessor-version":[{"id":1260,"href":"https:\/\/www.saxophonist-live.ch\/saxofonist-blog\/wp-json\/wp\/v2\/tribe_events\/1229\/revisions\/1260"}],"wp:attachment":[{"href":"https:\/\/www.saxophonist-live.ch\/saxofonist-blog\/wp-json\/wp\/v2\/media?parent=1229"}],"wp:term":[{"taxonomy":"post_tag","embeddable":true,"href":"https:\/\/www.saxophonist-live.ch\/saxofonist-blog\/wp-json\/wp\/v2\/tags?post=1229"},{"taxonomy":"tribe_events_cat","embeddable":true,"href":"https:\/\/www.saxophonist-live.ch\/saxofonist-blog\/wp-json\/wp\/v2\/tribe_events_cat?post=1229"}],"curies":[{"name":"wp","href":"https:\/\/api.w.org\/{rel}","templated":true}]}}