{"id":3188,"date":"2022-05-02T17:14:18","date_gmt":"2022-05-02T15:14:18","guid":{"rendered":"https:\/\/www.saxophonist-live.ch\/saxofonist-blog\/?post_type=tribe_events&#038;p=3188"},"modified":"2022-07-15T13:59:25","modified_gmt":"2022-07-15T11:59:25","slug":"kundenanlass","status":"publish","type":"tribe_events","link":"https:\/\/www.saxophonist-live.ch\/saxofonist-blog\/event\/kundenanlass\/","title":{"rendered":"Kundenanlass"},"content":{"rendered":"<p>Das bekannte und perfekt aufeinander abgestimmte Duo, bestehend aus der S\u00e4ngerin Nyssina und dem Saxophonisten aus Leidenschaft, Mister Saxr. Wo immer die Beiden zusammen auf der B\u00fchne stehen werden besondere Momente erschaffen. Die feine Stimme der S\u00e4ngerin harmoniert perfekt mit den sanften T\u00f6nen, die Mister Saxr seinem Instrument, dem Selmer Mark VI, entlockt.<\/p>\n<p>Durch die zahlreichen gemeinsamen Auftritte verf\u00fcgt das Duo \u00fcber eine beachtliche Bandbreite an Liedern aus vielen Genres. Darunter auch Bossa-Nova, Smoth-Jazz, Pop und Rock, aber auch Disco oder Love-Songs, aktuelle Hits und nat\u00fcrlich einige der sch\u00f6nsten Evergreens aller Zeiten.<\/p>\n<p>F\u00fcr einen privaten Anlass spielen Mister Saxr und Nyssina auf dem Z\u00fcrcher Uetliberg \u2013 Top of Zurich! Die wunderbare Aussicht \u00fcber die Stadt und das Z\u00fcrcher Seebecken bietet eine einmalige Kulisse f\u00fcr das K\u00fcnstler-Duo. Der Z\u00fcrcher Hausberg verspricht an diesem Abend all den geladenen G\u00e4sten einen einzigartigen und memorablen Abend zu bescheren.<\/p>\n","protected":false},"excerpt":{"rendered":"<p>Das bekannte und perfekt aufeinander abgestimmte Duo, bestehend aus der S\u00e4ngerin Nyssina und dem Saxophonisten aus Leidenschaft, Mister Saxr. Wo immer die Beiden zusammen auf der B\u00fchne stehen werden besondere Momente erschaffen. Die feine Stimme der S\u00e4ngerin harmoniert perfekt mit den sanften T\u00f6nen, die Mister Saxr seinem Instrument, dem Selmer Mark VI, entlockt. Durch die &#8230; <a title=\"Kundenanlass\" class=\"read-more\" href=\"https:\/\/www.saxophonist-live.ch\/saxofonist-blog\/event\/kundenanlass\/\" aria-label=\"Mehr Informationen \u00fcber Kundenanlass\">Weiterlesen&#8230;<\/a><\/p>\n","protected":false},"author":1,"featured_media":3259,"template":"","meta":{"generate_page_header":"","_tribe_events_status":"","_tribe_events_status_reason":"","footnotes":""},"tags":[198,144,111,31,1800,1461],"tribe_events_cat":[36],"class_list":["post-3188","tribe_events","type-tribe_events","status-publish","has-post-thumbnail","hentry","tag-buehne","tag-duo","tag-gaeste","tag-mister-saxr","tag-selmer-mark-vi","tag-uetliberg","tribe_events_cat-mistersaxr-event","cat_mistersaxr-event"],"_links":{"self":[{"href":"https:\/\/www.saxophonist-live.ch\/saxofonist-blog\/wp-json\/wp\/v2\/tribe_events\/3188","targetHints":{"allow":["GET"]}}],"collection":[{"href":"https:\/\/www.saxophonist-live.ch\/saxofonist-blog\/wp-json\/wp\/v2\/tribe_events"}],"about":[{"href":"https:\/\/www.saxophonist-live.ch\/saxofonist-blog\/wp-json\/wp\/v2\/types\/tribe_events"}],"author":[{"embeddable":true,"href":"https:\/\/www.saxophonist-live.ch\/saxofonist-blog\/wp-json\/wp\/v2\/users\/1"}],"version-history":[{"count":2,"href":"https:\/\/www.saxophonist-live.ch\/saxofonist-blog\/wp-json\/wp\/v2\/tribe_events\/3188\/revisions"}],"predecessor-version":[{"id":3193,"href":"https:\/\/www.saxophonist-live.ch\/saxofonist-blog\/wp-json\/wp\/v2\/tribe_events\/3188\/revisions\/3193"}],"wp:featuredmedia":[{"embeddable":true,"href":"https:\/\/www.saxophonist-live.ch\/saxofonist-blog\/wp-json\/wp\/v2\/media\/3259"}],"wp:attachment":[{"href":"https:\/\/www.saxophonist-live.ch\/saxofonist-blog\/wp-json\/wp\/v2\/media?parent=3188"}],"wp:term":[{"taxonomy":"post_tag","embeddable":true,"href":"https:\/\/www.saxophonist-live.ch\/saxofonist-blog\/wp-json\/wp\/v2\/tags?post=3188"},{"taxonomy":"tribe_events_cat","embeddable":true,"href":"https:\/\/www.saxophonist-live.ch\/saxofonist-blog\/wp-json\/wp\/v2\/tribe_events_cat?post=3188"}],"curies":[{"name":"wp","href":"https:\/\/api.w.org\/{rel}","templated":true}]}}